{"id":603,"date":"2022-01-27T14:42:04","date_gmt":"2022-01-27T14:42:04","guid":{"rendered":"https:\/\/above-beyond.de\/?post_type=awsm_job_openings&#038;p=603"},"modified":"2023-11-06T14:49:51","modified_gmt":"2023-11-06T14:49:51","slug":"projektleiter-m-w-d-in-voll-und-teilzeit","status":"publish","type":"awsm_job_openings","link":"https:\/\/above-beyond.de\/en\/jobs\/projektleiter-m-w-d-in-voll-und-teilzeit\/","title":{"rendered":"Projektleiter (m\/w\/d) in Voll- und Teilzeit"},"content":{"rendered":"<p>Transformationsprojekte, Digitalisierung und Prozessoptimierungen schaffen Mehrwerte f\u00fcr die Unternehmen. Als Above &amp; Beyond planen und orchestrieren wir diese gro\u00dfen Ver\u00e4nderungsinitiativen im Unternehmen auf h\u00f6chstem Niveau. Wir entwickeln die geeignete unternehmensspezifische Roadmap, k\u00fcmmern uns um das Change und Portfoliomanagement, unterst\u00fctzen die Verantwortlichen bei unseren Kunden, orchestrieren die Partner und Dienstleister und sichern die Qualit\u00e4t und das Ergebnis im Transformationsprozess.<\/p>\n\n\n\n<p>Wir suchen f\u00fcr die Begleitung unserer Kunden zum 01.04.2024 oder fr\u00fcher Projektleiter (m\/w\/d) in Voll- und Teilzeit oder als freiberufliche Partnerschaft.<\/p>\n\n\n\n<p>Was Du mitbringst<\/p>\n\n\n\n<p>\u2013 Mindestens 3 Jahre Erfahrung in der Projektleitung, Erfahrung in SAP Projekten w\u00e4re w\u00fcnschenswert<\/p>\n\n\n\n<p>\u2013 Erfahrungen im Change Management<\/p>\n\n\n\n<p>\u2013 Erfahrungen in SAP S\/4 HANA w\u00e4ren w\u00fcnschenswert<\/p>\n\n\n\n<p>\u2013 Gute F\u00e4higkeiten in der F\u00fchrung und Mitnahmen von Menschen<\/p>\n\n\n\n<p>\u2013 ausgepr\u00e4gtes Prozess- und wirtschaftliches Verst\u00e4ndnis<\/p>\n\n\n\n<p>\u2013 hohes Ma\u00df an Eigenengagement, sowie die F\u00e4higkeit zum lebenslangen Lernen<\/p>\n\n\n\n<p>\u2013 gute Deutsch- und Englisch-Kenntnisse in Wort und Schrift<\/p>\n\n\n\n<p><\/p>\n\n\n\n<p>Was wir Dir bieten<\/p>\n\n\n\n<p>\u2013 spannende und zukunftsweisende Projekte bei unseren Kunden<\/p>\n\n\n\n<p>\u2013 hohes Ma\u00df an eigenverantwortlichem Arbeiten und tolle Weiterentwicklungsm\u00f6glichkeiten<\/p>\n\n\n\n<p>\u2013 flexible Arbeitszeiten und mobiles Arbeiten selbstverst\u00e4ndlich<\/p>\n\n\n\n<p>\u2013 attraktive erfolgsabh\u00e4ngige Verg\u00fctung, auch bei freiberuflicher Partnerschaft<\/p>\n\n\n\n<p><\/p>\n\n\n\n<p>Was wir von Dir ben\u00f6tigen<br>&#8211; Aussagekr\u00e4ftigen Lebenslauf<br>&#8211; Eine Beschreibung Deiner W\u00fcnsche und Erwartungen, sowie warum Du der richtige f\u00fcr uns bist<br>&#8211; Eine Beschreibung der Projekthistorie w\u00e4re w\u00fcnschenswert<\/p>\n\n\n\n<p><\/p>\n\n\n\n<p>Wir freuen uns auf Deine Bewerbung<\/p>","protected":false},"excerpt":{"rendered":"<p>Transformationsprojekte, Digitalisierung und Prozessoptimierungen schaffen Mehrwerte f\u00fcr die Unternehmen. Als Above &amp; Beyond planen und orchestrieren wir diese gro\u00dfen Ver\u00e4nderungsinitiativen im Unternehmen auf h\u00f6chstem Niveau. Wir entwickeln die geeignete unternehmensspezifische Roadmap, k\u00fcmmern uns um das Change und Portfoliomanagement, unterst\u00fctzen die Verantwortlichen bei unseren Kunden, orchestrieren die Partner und Dienstleister und sichern die Qualit\u00e4t und das [&hellip;]<\/p>\n","protected":false},"author":1,"template":"","meta":{"site-sidebar-layout":"default","site-content-layout":"","ast-site-content-layout":"default","site-content-style":"default","site-sidebar-style":"default","ast-global-header-display":"","ast-banner-title-visibility":"","ast-main-header-display":"","ast-hfb-above-header-display":"","ast-hfb-below-header-display":"","ast-hfb-mobile-header-display":"","site-post-title":"","ast-breadcrumbs-content":"","ast-featured-img":"","footer-sml-layout":"","ast-disable-related-posts":"","theme-transparent-header-meta":"","adv-header-id-meta":"","stick-header-meta":"","header-above-stick-meta":"","header-main-stick-meta":"","header-below-stick-meta":"","astra-migrate-meta-layouts":"default","ast-page-background-enabled":"default","ast-page-background-meta":{"desktop":{"background-color":"","background-image":"","background-repeat":"repeat","background-position":"center center","background-size":"auto","background-attachment":"scroll","background-type":"","background-media":"","overlay-type":"","overlay-color":"","overlay-opacity":"","overlay-gradient":""},"tablet":{"background-color":"","background-image":"","background-repeat":"repeat","background-position":"center center","background-size":"auto","background-attachment":"scroll","background-type":"","background-media":"","overlay-type":"","overlay-color":"","overlay-opacity":"","overlay-gradient":""},"mobile":{"background-color":"","background-image":"","background-repeat":"repeat","background-position":"center center","background-size":"auto","background-attachment":"scroll","background-type":"","background-media":"","overlay-type":"","overlay-color":"","overlay-opacity":"","overlay-gradient":""}},"ast-content-background-meta":{"desktop":{"background-color":"var(--ast-global-color-5)","background-image":"","background-repeat":"repeat","background-position":"center center","background-size":"auto","background-attachment":"scroll","background-type":"","background-media":"","overlay-type":"","overlay-color":"","overlay-opacity":"","overlay-gradient":""},"tablet":{"background-color":"var(--ast-global-color-5)","background-image":"","background-repeat":"repeat","background-position":"center center","background-size":"auto","background-attachment":"scroll","background-type":"","background-media":"","overlay-type":"","overlay-color":"","overlay-opacity":"","overlay-gradient":""},"mobile":{"background-color":"var(--ast-global-color-5)","background-image":"","background-repeat":"repeat","background-position":"center center","background-size":"auto","background-attachment":"scroll","background-type":"","background-media":"","overlay-type":"","overlay-color":"","overlay-opacity":"","overlay-gradient":""}}},"class_list":["post-603","awsm_job_openings","type-awsm_job_openings","status-publish","hentry","job-category-projektmanagement","job-type-freiberuflich","job-type-full-time","job-type-part-time","job-type-teilzeit","job-type-vollzeit","job-location-beim-kunden","job-location-flexoffice"],"yoast_head":"<!-- This site is optimized with the Yoast SEO plugin v27.5 - https:\/\/yoast.com\/product\/yoast-seo-wordpress\/ -->\n<title>Projektleiter (m\/w\/d) in Voll- und Teilzeit - A&amp;B<\/title>\n<meta name=\"robots\" content=\"index, follow, max-snippet:-1, max-image-preview:large, max-video-preview:-1\" \/>\n<link rel=\"canonical\" href=\"https:\/\/above-beyond.de\/en\/jobs\/projektleiter-m-w-d-in-voll-und-teilzeit\/\" \/>\n<meta property=\"og:locale\" content=\"en_US\" \/>\n<meta property=\"og:type\" content=\"article\" \/>\n<meta property=\"og:title\" content=\"Projektleiter (m\/w\/d) in Voll- und Teilzeit - A&amp;B\" \/>\n<meta property=\"og:description\" content=\"Transformationsprojekte, Digitalisierung und Prozessoptimierungen schaffen Mehrwerte f\u00fcr die Unternehmen. Als Above &amp; Beyond planen und orchestrieren wir diese gro\u00dfen Ver\u00e4nderungsinitiativen im Unternehmen auf h\u00f6chstem Niveau. Wir entwickeln die geeignete unternehmensspezifische Roadmap, k\u00fcmmern uns um das Change und Portfoliomanagement, unterst\u00fctzen die Verantwortlichen bei unseren Kunden, orchestrieren die Partner und Dienstleister und sichern die Qualit\u00e4t und das [&hellip;]\" \/>\n<meta property=\"og:url\" content=\"https:\/\/above-beyond.de\/en\/jobs\/projektleiter-m-w-d-in-voll-und-teilzeit\/\" \/>\n<meta property=\"og:site_name\" content=\"A&amp;B\" \/>\n<meta property=\"article:modified_time\" content=\"2023-11-06T14:49:51+00:00\" \/>\n<meta property=\"og:image\" content=\"https:\/\/above-beyond.de\/wp-content\/uploads\/2021\/08\/cropped-above_and_beyond_logo_subline.png\" \/>\n\t<meta property=\"og:image:width\" content=\"290\" \/>\n\t<meta property=\"og:image:height\" content=\"115\" \/>\n\t<meta property=\"og:image:type\" content=\"image\/png\" \/>\n<meta name=\"twitter:card\" content=\"summary_large_image\" \/>\n<meta name=\"twitter:label1\" content=\"Est. reading time\" \/>\n\t<meta name=\"twitter:data1\" content=\"1 minute\" \/>\n<script type=\"application\/ld+json\" class=\"yoast-schema-graph\">{\"@context\":\"https:\\\/\\\/schema.org\",\"@graph\":[{\"@type\":\"WebPage\",\"@id\":\"https:\\\/\\\/above-beyond.de\\\/jobs\\\/projektleiter-m-w-d-in-voll-und-teilzeit\\\/\",\"url\":\"https:\\\/\\\/above-beyond.de\\\/jobs\\\/projektleiter-m-w-d-in-voll-und-teilzeit\\\/\",\"name\":\"Projektleiter (m\\\/w\\\/d) in Voll- und Teilzeit - A&amp;B\",\"isPartOf\":{\"@id\":\"https:\\\/\\\/above-beyond.de\\\/#website\"},\"datePublished\":\"2022-01-27T14:42:04+00:00\",\"dateModified\":\"2023-11-06T14:49:51+00:00\",\"breadcrumb\":{\"@id\":\"https:\\\/\\\/above-beyond.de\\\/jobs\\\/projektleiter-m-w-d-in-voll-und-teilzeit\\\/#breadcrumb\"},\"inLanguage\":\"en-US\",\"potentialAction\":[{\"@type\":\"ReadAction\",\"target\":[\"https:\\\/\\\/above-beyond.de\\\/jobs\\\/projektleiter-m-w-d-in-voll-und-teilzeit\\\/\"]}]},{\"@type\":\"BreadcrumbList\",\"@id\":\"https:\\\/\\\/above-beyond.de\\\/jobs\\\/projektleiter-m-w-d-in-voll-und-teilzeit\\\/#breadcrumb\",\"itemListElement\":[{\"@type\":\"ListItem\",\"position\":1,\"name\":\"Startseite\",\"item\":\"https:\\\/\\\/above-beyond.de\\\/\"},{\"@type\":\"ListItem\",\"position\":2,\"name\":\"Job Openings\",\"item\":\"https:\\\/\\\/above-beyond.de\\\/jobs\\\/\"},{\"@type\":\"ListItem\",\"position\":3,\"name\":\"Projektleiter (m\\\/w\\\/d) in Voll- und Teilzeit\"}]},{\"@type\":\"WebSite\",\"@id\":\"https:\\\/\\\/above-beyond.de\\\/#website\",\"url\":\"https:\\\/\\\/above-beyond.de\\\/\",\"name\":\"above-beyond.de\",\"description\":\"Transformation &amp; Organisation| Digitalisierung &amp; Technologie |  SAP Consulting | Finanzen | Programm- und Projektmanagement\",\"publisher\":{\"@id\":\"https:\\\/\\\/above-beyond.de\\\/#organization\"},\"alternateName\":\"Above & Beyond\",\"potentialAction\":[{\"@type\":\"SearchAction\",\"target\":{\"@type\":\"EntryPoint\",\"urlTemplate\":\"https:\\\/\\\/above-beyond.de\\\/?s={search_term_string}\"},\"query-input\":{\"@type\":\"PropertyValueSpecification\",\"valueRequired\":true,\"valueName\":\"search_term_string\"}}],\"inLanguage\":\"en-US\"},{\"@type\":\"Organization\",\"@id\":\"https:\\\/\\\/above-beyond.de\\\/#organization\",\"name\":\"Above & Beyond GmbH\",\"alternateName\":\"A&B\",\"url\":\"https:\\\/\\\/above-beyond.de\\\/\",\"logo\":{\"@type\":\"ImageObject\",\"inLanguage\":\"en-US\",\"@id\":\"https:\\\/\\\/above-beyond.de\\\/#\\\/schema\\\/logo\\\/image\\\/\",\"url\":\"https:\\\/\\\/above-beyond.de\\\/wp-content\\\/uploads\\\/2021\\\/08\\\/cropped-above_and_beyond_logo_subline.png\",\"contentUrl\":\"https:\\\/\\\/above-beyond.de\\\/wp-content\\\/uploads\\\/2021\\\/08\\\/cropped-above_and_beyond_logo_subline.png\",\"width\":290,\"height\":115,\"caption\":\"Above & Beyond GmbH\"},\"image\":{\"@id\":\"https:\\\/\\\/above-beyond.de\\\/#\\\/schema\\\/logo\\\/image\\\/\"},\"sameAs\":[\"https:\\\/\\\/www.linkedin.com\\\/company\\\/above-beyond-gmbh\\\/posts\\\/?feedView=all\"]}]}<\/script>\n<!-- \/ Yoast SEO plugin. -->","yoast_head_json":{"title":"Projektleiter (m\/w\/d) in Voll- und Teilzeit - A&amp;B","robots":{"index":"index","follow":"follow","max-snippet":"max-snippet:-1","max-image-preview":"max-image-preview:large","max-video-preview":"max-video-preview:-1"},"canonical":"https:\/\/above-beyond.de\/en\/jobs\/projektleiter-m-w-d-in-voll-und-teilzeit\/","og_locale":"en_US","og_type":"article","og_title":"Projektleiter (m\/w\/d) in Voll- und Teilzeit - A&amp;B","og_description":"Transformationsprojekte, Digitalisierung und Prozessoptimierungen schaffen Mehrwerte f\u00fcr die Unternehmen. Als Above &amp; Beyond planen und orchestrieren wir diese gro\u00dfen Ver\u00e4nderungsinitiativen im Unternehmen auf h\u00f6chstem Niveau. Wir entwickeln die geeignete unternehmensspezifische Roadmap, k\u00fcmmern uns um das Change und Portfoliomanagement, unterst\u00fctzen die Verantwortlichen bei unseren Kunden, orchestrieren die Partner und Dienstleister und sichern die Qualit\u00e4t und das [&hellip;]","og_url":"https:\/\/above-beyond.de\/en\/jobs\/projektleiter-m-w-d-in-voll-und-teilzeit\/","og_site_name":"A&amp;B","article_modified_time":"2023-11-06T14:49:51+00:00","og_image":[{"width":290,"height":115,"url":"https:\/\/above-beyond.de\/wp-content\/uploads\/2021\/08\/cropped-above_and_beyond_logo_subline.png","type":"image\/png"}],"twitter_card":"summary_large_image","twitter_misc":{"Est. reading time":"1 minute"},"schema":{"@context":"https:\/\/schema.org","@graph":[{"@type":"WebPage","@id":"https:\/\/above-beyond.de\/jobs\/projektleiter-m-w-d-in-voll-und-teilzeit\/","url":"https:\/\/above-beyond.de\/jobs\/projektleiter-m-w-d-in-voll-und-teilzeit\/","name":"Projektleiter (m\/w\/d) in Voll- und Teilzeit - A&amp;B","isPartOf":{"@id":"https:\/\/above-beyond.de\/#website"},"datePublished":"2022-01-27T14:42:04+00:00","dateModified":"2023-11-06T14:49:51+00:00","breadcrumb":{"@id":"https:\/\/above-beyond.de\/jobs\/projektleiter-m-w-d-in-voll-und-teilzeit\/#breadcrumb"},"inLanguage":"en-US","potentialAction":[{"@type":"ReadAction","target":["https:\/\/above-beyond.de\/jobs\/projektleiter-m-w-d-in-voll-und-teilzeit\/"]}]},{"@type":"BreadcrumbList","@id":"https:\/\/above-beyond.de\/jobs\/projektleiter-m-w-d-in-voll-und-teilzeit\/#breadcrumb","itemListElement":[{"@type":"ListItem","position":1,"name":"Startseite","item":"https:\/\/above-beyond.de\/"},{"@type":"ListItem","position":2,"name":"Job Openings","item":"https:\/\/above-beyond.de\/jobs\/"},{"@type":"ListItem","position":3,"name":"Projektleiter (m\/w\/d) in Voll- und Teilzeit"}]},{"@type":"WebSite","@id":"https:\/\/above-beyond.de\/#website","url":"https:\/\/above-beyond.de\/","name":"above-beyond.de","description":"Transformation &amp; Organisation| Digitalisierung &amp; Technologie |  SAP Consulting | Finanzen | Programm- und Projektmanagement","publisher":{"@id":"https:\/\/above-beyond.de\/#organization"},"alternateName":"Above & Beyond","potentialAction":[{"@type":"SearchAction","target":{"@type":"EntryPoint","urlTemplate":"https:\/\/above-beyond.de\/?s={search_term_string}"},"query-input":{"@type":"PropertyValueSpecification","valueRequired":true,"valueName":"search_term_string"}}],"inLanguage":"en-US"},{"@type":"Organization","@id":"https:\/\/above-beyond.de\/#organization","name":"Above & Beyond GmbH","alternateName":"A&B","url":"https:\/\/above-beyond.de\/","logo":{"@type":"ImageObject","inLanguage":"en-US","@id":"https:\/\/above-beyond.de\/#\/schema\/logo\/image\/","url":"https:\/\/above-beyond.de\/wp-content\/uploads\/2021\/08\/cropped-above_and_beyond_logo_subline.png","contentUrl":"https:\/\/above-beyond.de\/wp-content\/uploads\/2021\/08\/cropped-above_and_beyond_logo_subline.png","width":290,"height":115,"caption":"Above & Beyond GmbH"},"image":{"@id":"https:\/\/above-beyond.de\/#\/schema\/logo\/image\/"},"sameAs":["https:\/\/www.linkedin.com\/company\/above-beyond-gmbh\/posts\/?feedView=all"]}]}},"_links":{"self":[{"href":"https:\/\/above-beyond.de\/en\/wp-json\/wp\/v2\/awsm_job_openings\/603","targetHints":{"allow":["GET"]}}],"collection":[{"href":"https:\/\/above-beyond.de\/en\/wp-json\/wp\/v2\/awsm_job_openings"}],"about":[{"href":"https:\/\/above-beyond.de\/en\/wp-json\/wp\/v2\/types\/awsm_job_openings"}],"author":[{"embeddable":true,"href":"https:\/\/above-beyond.de\/en\/wp-json\/wp\/v2\/users\/1"}],"wp:attachment":[{"href":"https:\/\/above-beyond.de\/en\/wp-json\/wp\/v2\/media?parent=603"}],"curies":[{"name":"wp","href":"https:\/\/api.w.org\/{rel}","templated":true}]}}